{"id":2405,"date":"2022-11-22T23:50:20","date_gmt":"2022-11-22T21:50:20","guid":{"rendered":"https:\/\/www.pewne.eu\/?post_type=product&#038;p=2405"},"modified":"2026-04-24T10:06:55","modified_gmt":"2026-04-24T08:06:55","slug":"andrzej-zielinski-modlitwa-bezrobotnego","status":"publish","type":"product","link":"https:\/\/www.pewne.eu\/index.php\/produkt\/andrzej-zielinski-modlitwa-bezrobotnego\/","title":{"rendered":"Andrzej Zieli\u0144ski, Modlitwa bezrobotnego"},"content":{"rendered":"<p>Andrzej Zieli\u0144ski \u2013 artysta muzyk: solista, kameralista, aran\u017cer, kompozytor, pedagog.<br \/>\nZdobywca czo\u0142owych nagr\u00f3d w krajowych i zagranicznych konkursach akordeonowych, w tym pierwszej nagrody w 1963 r. w Klingenthal (Niemcy). W 1972 roku uko\u0144czy\u0142 z wyr\u00f3\u017cnieniem studia na wydziale instrumentalnym w warszawskiej PWSM. W latach 1967-1994 by\u0142 instrumentalist\u0105 Warszawskiego Kwintetu Akordeonowego. Koncertowa\u0142 w Europie<br \/>\ni w Azji. Nagrywa\u0142 dla firm fonograficznych oraz rozg\u0142o\u015bni radiowych i telewizyjnych.<br \/>\nJako poeta zadebiutowa\u0142 w 1995 roku na \u0142amach tygodnika \u201ePrzegl\u0105d katolicki\u201d. Swoje utwory publikowa\u0142 w prasie i w wydawnictwach katolickich. Istnieje tak\u017ce muzyka inspirowana tekstem pasyjnego poematu \u201eDroga\u201d zarejestrowana na p\u0142ycie CD (Stanis\u0142aw Moryto \u2013 Carmina crucis, DUX 0385).<br \/>\nArtysta realizuje r\u00f3wnie\u017c pomys\u0142 \u0142\u0105czenia obydwu dziedzin swojej tw\u00f3rczo\u015bci. Powstaj\u0105 spektakle poetycko-muzyczne: \u201eDroga. Misterium M\u0119ki Pa\u0144skiej\u201d oraz \u201eZ nich za\u015b najwi\u0119ksza jest mi\u0142o\u015b\u0107\u201d w autorskiej interpretacji.<br \/>\nW 2003 r. Andrzej Zieli\u0144ski otrzyma\u0142 wyr\u00f3\u017cnienie w I Og\u00f3lnopolskim Konkursie Literackim im. ks. J\u00f3zefa Jamroza w Rabce-Zdroju.<br \/>\nRok 2022 stwarza okazj\u0119 do podsumowania i \u015bwi\u0119towania dorobku Artysty \u2013 jest bowiem zwornikiem trzech jego jubileuszy: 75 rocznicy urodzin, 60 roku dzia\u0142alno\u015bci artystycznej oraz 50-lecia pracy pedagogicznej. W to \u015bwi\u0119towanie wpisuje si\u0119 r\u00f3wnie\u017c edycja wierszy, kt\u00f3re maj\u0105 Pa\u0144stwo przed sob\u0105.<\/p>\n<p><strong>Publikacja powsta\u0142a dzi\u0119ki wsparciu finansowemu Instytutu Literatury <\/strong><br \/>\n<strong>w ramach Tarczy dla Literat\u00f3w.<\/strong><\/p>\n<p><img decoding=\"async\" loading=\"lazy\" class=\"alignnone size-full wp-image-2406\" src=\"https:\/\/www.pewne.eu\/wp-content\/uploads\/2022\/11\/logo-3_IL.png\" alt=\"\" width=\"173\" height=\"70\" \/><\/p>\n<p>Format 135 x 205 mm<\/p>\n<p>Obj\u0119to\u015b\u0107: 58 stron<\/p>\n<p>Oprawa mi\u0119kka, klejona.<\/p>\n<p>ISBN 978-83-63518-78-3<\/p>\n<p>Cena: 24 z\u0142<\/p>\n<p>Spis tre\u015bci<\/p>\n<p>Modlitwa bezrobotnego 5<br \/>\nCarpe diem 6<br \/>\nCeperska t\u0119sknota 7<br \/>\nPrzemiana 8<br \/>\nPowiedzcie 9<br \/>\nZwiastowanie 10<br \/>\nNawiedzenie 11<br \/>\nGody 12<br \/>\nOfiarowanie 13<br \/>\nOdnale\u017a\u0107 14<br \/>\nPie\u015b\u0144 p\u0142yn\u0105cych Jordanem 15<br \/>\nW Kanie 16<br \/>\nCredo po g\u00f3r\u00e1lsku, cyili jako Pon Jezus z g\u00f3rol\u00e1mi guodo\u0142 17<br \/>\nPo\u017c\u0105danie wzg\u00f3rz wiekuistych 18<br \/>\nMissa est 19<br \/>\nGetsemani 20<br \/>\nBiczowanie 21<br \/>\nMoria 22<br \/>\nSyn Cz\u0142owieczy 23<br \/>\nI.N.R.I. 24<br \/>\nZmartwychwstanie 25<br \/>\nPie\u015b\u0144 zd\u0105\u017caj\u0105cych pod g\u00f3r\u0119 26<br \/>\n? 27<br \/>\nMatce Naj\u015bwi\u0119tszej wiersz na Wniebowzi\u0119cie 28<br \/>\nCanzone rus(s)tica 29<br \/>\nMatka Boska Siewna 30<br \/>\nRaport 31<br \/>\nDo Matki Boskiej Br\u00f3dzie\u0144skiej 32<br \/>\nAdwent w Polsce 33<br \/>\nGromniczna 34<br \/>\nNoc ciemna 35<br \/>\nDroga 36<br \/>\nI 36<br \/>\nII 37<br \/>\nIII 38<br \/>\nIV 39<br \/>\nV 40<br \/>\nVI 41<br \/>\nVII 42<br \/>\nVIII 43<br \/>\nIX 44<br \/>\nX 45<br \/>\nXI 46<br \/>\nXII 47<br \/>\nXIII 48<br \/>\nXIV 49<br \/>\nAve crux 50<br \/>\nIle 51<br \/>\nD.O.M. 52<br \/>\n* * * [Rzek\u0142e\u015b&#8230;] 53<br \/>\nElegia na odej\u015bcie 54<\/p>\n<p>Andrzej Zieli\u0144ski \u2013 Nota biograficzna 55<\/p>\n<p>&nbsp;<\/p>\n","protected":false},"excerpt":{"rendered":"<p>Nowy tom wierszy Andrzeja Zieli\u0144skiego \u2013 artysty muzyka: solisty, kameralisty, aran\u017cera, kompozytora, pedagoga.<br \/>\nRok 2022 stwarza okazj\u0119 do podsumowania i \u015bwi\u0119towania dorobku Artysty \u2013 jest bowiem zwornikiem trzech jego jubileuszy: 75 rocznicy urodzin, 60 roku dzia\u0142alno\u015bci artystycznej oraz 50-lecia pracy pedagogicznej. W to \u015bwi\u0119towanie wpisuje si\u0119 r\u00f3wnie\u017c edycja wierszy, kt\u00f3re maj\u0105 Pa\u0144stwo przed sob\u0105.<\/p>\n","protected":false},"featured_media":2407,"comment_status":"open","ping_status":"closed","template":"","meta":[],"product_cat":[16,20],"product_tag":[356,360,357,358,359,150],"_links":{"self":[{"href":"https:\/\/www.pewne.eu\/index.php\/wp-json\/wp\/v2\/product\/2405"}],"collection":[{"href":"https:\/\/www.pewne.eu\/index.php\/wp-json\/wp\/v2\/product"}],"about":[{"href":"https:\/\/www.pewne.eu\/index.php\/wp-json\/wp\/v2\/types\/product"}],"replies":[{"embeddable":true,"href":"https:\/\/www.pewne.eu\/index.php\/wp-json\/wp\/v2\/comments?post=2405"}],"wp:featuredmedia":[{"embeddable":true,"href":"https:\/\/www.pewne.eu\/index.php\/wp-json\/wp\/v2\/media\/2407"}],"wp:attachment":[{"href":"https:\/\/www.pewne.eu\/index.php\/wp-json\/wp\/v2\/media?parent=2405"}],"wp:term":[{"taxonomy":"product_cat","embeddable":true,"href":"https:\/\/www.pewne.eu\/index.php\/wp-json\/wp\/v2\/product_cat?post=2405"},{"taxonomy":"product_tag","embeddable":true,"href":"https:\/\/www.pewne.eu\/index.php\/wp-json\/wp\/v2\/product_tag?post=2405"}],"curies":[{"name":"wp","href":"https:\/\/api.w.org\/{rel}","templated":true}]}}